{"id":104,"date":"2021-11-09T13:39:43","date_gmt":"2021-11-09T12:39:43","guid":{"rendered":"https:\/\/schuetzen-allerheiligen.saufkopf.at\/?page_id=104"},"modified":"2022-09-08T10:53:42","modified_gmt":"2022-09-08T08:53:42","slug":"30-jahre-schuetzenkompanie","status":"publish","type":"page","link":"https:\/\/www.schuetzen-allerheiligen.at\/?page_id=104","title":{"rendered":"30 Jahre Sch\u00fctzenkompanie"},"content":{"rendered":"\n<figure class=\"wp-block-image size-large\"><img loading=\"lazy\" decoding=\"async\" width=\"1024\" height=\"680\" src=\"https:\/\/www.schuetzen-allerheiligen.at\/wp-content\/uploads\/2022\/09\/Mannschaftsfoto-Topqualitaet-1024x680.jpg\" alt=\"\" class=\"wp-image-798\" srcset=\"https:\/\/www.schuetzen-allerheiligen.at\/wp-content\/uploads\/2022\/09\/Mannschaftsfoto-Topqualitaet-1024x680.jpg 1024w, https:\/\/www.schuetzen-allerheiligen.at\/wp-content\/uploads\/2022\/09\/Mannschaftsfoto-Topqualitaet-300x199.jpg 300w, https:\/\/www.schuetzen-allerheiligen.at\/wp-content\/uploads\/2022\/09\/Mannschaftsfoto-Topqualitaet-768x510.jpg 768w, https:\/\/www.schuetzen-allerheiligen.at\/wp-content\/uploads\/2022\/09\/Mannschaftsfoto-Topqualitaet.jpg 1200w\" sizes=\"auto, (max-width: 767px) 89vw, (max-width: 1000px) 54vw, (max-width: 1071px) 543px, 580px\" \/><\/figure>\n\n\n\n<p>Die Sch\u00fctzenkompanie Allerheiligen wird genau am 16. Juni 2019 30 Jahre alt. Nat\u00fcrlich ein Grund zum Feiern und auch eine Gelegenheit auf die letzten 30 Jahre zur\u00fcck zu blicken. Die Gr\u00fcndungsversammlung hat am 16. Juni 1989 im Kolpinghaus stattgefunden. Erster Hauptmann wurde Josef&nbsp; Pargger, der gleichzeitig Initiator der Kompaniegr\u00fcndung war und noch heute die Kompanie kommandiert. In den folgenden Monaten war es neben den vielen organisatorischen Arbeiten besonders ein finanzieller Kraftakt, um die Kompanie einzukleiden und auszur\u00fcsten. Eine gro\u00dfe Unterst\u00fctzung hat die Kompanie vom damaligen RLB-Generaldirektor&nbsp; G\u00fcnther Schlenck erfahren, der 10 Jahre zuvor auch die Musikkapelle Allerheiligen ins Leben gerufen hat.Die besondere Beziehung zur Familie Schlenck wurde auch dadurch dokumentiert, dass Frau Hanna Schlenck die Fahnenpatin wurde.<\/p>\n\n\n\n<p>Der Name der Kompanie bezieht sich auf das Patrozinium der 1965 geweihten Pfarrkirche und selbst\u00e4ndigen Pfarre Allerheiligen, deren Gebiet urspr\u00fcnglich der Dorfgemeinde H\u00f6tting zugeh\u00f6rte und vorwiegend landwirtschaftlich genutzt wurde.<br>Die Kompaniefahne wurde nach einem thematischen Konzept von Franz \u2013 Heinz Hye und k\u00fcnstlerisch von Toni H\u00f6ck gestaltet. Die Weihe der Fahne erfolgte beim Gr\u00fcndungsfest am 3. Juni 1990.<\/p>\n\n\n\n<figure class=\"wp-block-image size-full\"><img loading=\"lazy\" decoding=\"async\" width=\"594\" height=\"768\" src=\"https:\/\/www.schuetzen-allerheiligen.at\/wp-content\/uploads\/2022\/09\/Altschuetzenfahne.jpg\" alt=\"\" class=\"wp-image-799\" srcset=\"https:\/\/www.schuetzen-allerheiligen.at\/wp-content\/uploads\/2022\/09\/Altschuetzenfahne.jpg 594w, https:\/\/www.schuetzen-allerheiligen.at\/wp-content\/uploads\/2022\/09\/Altschuetzenfahne-232x300.jpg 232w\" sizes=\"auto, (max-width: 594px) 100vw, 594px\" \/><\/figure>\n\n\n\n<p>Die R\u00fcckseite der Fahne zeigt die Darstellung von Mariae Heimsuchung. Als Vorlage diente dabei das Altarblatt am Altar des Mariae \u2013 Heimsuchung \u2013 Kirchleins von Kranebitten (erbaut um 1620). Die Vorderseite der Kompaniefahne zeigt u. a. das von der Sch\u00fctzenkompanie Allerheiligen initiierte und von Hye konzipierte Stadtteilwappen mit Darstellung des \u00e4ltesten Innsbrucker Grenzsteines (von ca. 1460) an der alten Landgerichtsgrenze zwischen H\u00f6tting (=LG Sonnenburg) und Zirl (=LG H\u00f6rtenberg).<\/p>\n\n\n\n<figure class=\"wp-block-image size-full\"><img loading=\"lazy\" decoding=\"async\" width=\"110\" height=\"120\" src=\"https:\/\/www.schuetzen-allerheiligen.at\/wp-content\/uploads\/2022\/09\/logo.jpg\" alt=\"\" class=\"wp-image-801\" title=\"files\/schuetzen1\/images\/Chronik\/logo.jpg\"\/><\/figure>\n\n\n\n<p>Der im Stadtteilwappen und Kompanielogo dargestellte 500 j\u00e4hrige Grenzstein, dessen Gestalt an einen gotischen Bildstock erinnert und dessen Breiseiten mit einem gotischen Tatzenkreuz geziert sind. Es ist dies der \u00e4lteste erhaltene Grenzstein der Stadt Innsbruck in ihrer Ausdehnung seit 1938.<\/p>\n\n\n\n<figure class=\"wp-block-image size-full\"><img loading=\"lazy\" decoding=\"async\" width=\"584\" height=\"768\" src=\"https:\/\/www.schuetzen-allerheiligen.at\/wp-content\/uploads\/2022\/09\/Grenzstein1.jpg\" alt=\"\" class=\"wp-image-802\" srcset=\"https:\/\/www.schuetzen-allerheiligen.at\/wp-content\/uploads\/2022\/09\/Grenzstein1.jpg 584w, https:\/\/www.schuetzen-allerheiligen.at\/wp-content\/uploads\/2022\/09\/Grenzstein1-228x300.jpg 228w\" sizes=\"auto, (max-width: 584px) 100vw, 584px\" \/><\/figure>\n\n\n\n<p>Die Sch\u00fctzenkompanie Allerheiligen hat heute 60 aktive Mitglieder, eingekleidet mit der original Wipptaler Tracht. In den ersten Jahren war die Kompanie mit den Gewehren K 98 ausgestattet, im Jahr 2003 ist man dann auf Schweizer Gewehre M 31 umgestiegen. Bereits 1990 hat der erste Sch\u00fctzenball im Kolpinghaus stattgefunden, dem weitere 27 sehr erfolgreiche B\u00e4lle folgen sollten. Nicht mehr wegzudenken aus dem Stadtteilgeschehen ist das traditionelle Maibaumfest am 1. Mai, das 1993 erstmalig stattgefunden hat und bei dem die Sch\u00fctzen auch den Maibaum aufstellen bzw. in der Walpurgisnacht bewachen.<\/p>\n\n\n\n<p>Auch der Stadtteilchristbaum wurde im Jahr 1994 von der Sch\u00fctzenkompanie initiiert und erstmalig aufgestellt. Man darf sich auch heuer wieder auf das \u201eSommernachtsfest\u201c am 7. September oder auch auf das \u201eStadtteilt\u00f6rggelen\u201c am 9. November freuen, wobei diese beiden Veranstaltungen neben dem Maibaumfest Fixpunkte im Jahresprogramm der Sch\u00fctzen darstellen. Die ersten vier Jahre haben die Kompanietreffen im Kolpinghaus stattgefunden. Das erste Sch\u00fctzenheim ist im Herbst 1993 neben dem Kolpinghaus entstanden und war dann 20 Jahre die Heimst\u00e4tte der Kompanie bis schlie\u00dflich im Fr\u00fchjahr 2013 ein neues Sch\u00fctzenheim inklusive Schie\u00dfstand in der NMS H\u00f6tting-West er\u00f6ffnet und einweiht wurde.<\/p>\n\n\n\n<p>Jeden ersten Dienstag im Monat findet eine Ausschusssitzung und jeden zweiten Dienstag im Monat eine Mannschaftssitzung im Sch\u00fctzenheim statt. Zus\u00e4tzlich gibt es jeden Freitag ab 19:00 Uhr gesellige Kompanieabende, bei denen am Luftgewehrschie\u00dfstand auch geschossen werden kann, welcher demn\u00e4chst in einen vollautomatischen modernen Schie\u00dfstand umgebaut wird.<\/p>\n\n\n\n<p>Alle Interessierten&nbsp; sind bei diesen Kompanieabenden herzlichst eingeladen die Kompanie kennen zu lernen und bei Gefallen auch der Kompanie beizutreten. Auch \u00fcber interessierte Kinder ab dem Schulalter freut man sich, da auch Jungsch\u00fctzen (M\u00e4dchen und Buben) zu den aktiven Mitgliedern z\u00e4hlen. Auch drei Ehrenoffiziere sind der Kompanie angeh\u00f6rig und eingekleidete Mitglieder. Altlandeshauptmann Herwig van Staa ist seit 1995 Ehrenhauptmann, der ehemalige Vizeb\u00fcrgermeister Michael Bielowski ist seit 2003 Ehrenoberleutnant und der Bezirkshauptmann von Kufstein Christoph Platzgummer ist seit 2009 Ehrenhauptmann in der Sch\u00fctzenkompanie Allerheiligen.<\/p>\n\n\n\n<p>Besonders verbunden f\u00fchlt sich die Kompanie auch mit der Pfarre Allerheiligen und diese Verbundenheit wurde auch dadurch zum Ausdruck gebracht, indem die Sch\u00fctzenkompanie im Jahr 1997 im Kreuzungsbereich Karl Innerebner Stra\u00dfe und Peerhofstra\u00dfe die \u201eBesinnungsst\u00e4tte Peerhofsiedlung\u201c errichtet hat und der damalige Pfarrer Erich Gutheinz f\u00fcr die Altaraufschriften verantwortlich zeichnete. \u201eEinander Brot sein\u201c, Dem Geist Raum geben\u201c, Fesseln l\u00f6sen\u201c und \u201eWeltweite Solidarit\u00e4t\u201c steht auf den vier Seiten des Altars geschrieben. Immer wieder ist diese Besinnungsst\u00e4tte ein Altar im Rahmen der Fronleichnamsprozessionen.<\/p>\n\n\n\n<figure class=\"wp-block-image size-full\"><img loading=\"lazy\" decoding=\"async\" width=\"1024\" height=\"728\" src=\"https:\/\/www.schuetzen-allerheiligen.at\/wp-content\/uploads\/2022\/09\/Besinnungsstaette.jpg\" alt=\"\" class=\"wp-image-803\" srcset=\"https:\/\/www.schuetzen-allerheiligen.at\/wp-content\/uploads\/2022\/09\/Besinnungsstaette.jpg 1024w, https:\/\/www.schuetzen-allerheiligen.at\/wp-content\/uploads\/2022\/09\/Besinnungsstaette-300x213.jpg 300w, https:\/\/www.schuetzen-allerheiligen.at\/wp-content\/uploads\/2022\/09\/Besinnungsstaette-768x546.jpg 768w\" sizes=\"auto, (max-width: 767px) 89vw, (max-width: 1000px) 54vw, (max-width: 1071px) 543px, 580px\" \/><\/figure>\n\n\n\n<p>Im Zuge des Bataillonsfestes 2003 im eigenen Stadtteil haben unsere Jungsch\u00fctzen eine neue Jungsch\u00fctzenfahne erhalten. Jungsch\u00fctzenfahnenpatin ist Edith Tr\u00f6binger.<\/p>\n\n\n\n<figure class=\"wp-block-image size-full\"><img loading=\"lazy\" decoding=\"async\" width=\"667\" height=\"768\" src=\"https:\/\/www.schuetzen-allerheiligen.at\/wp-content\/uploads\/2022\/09\/Jungschuetzenfahne.jpg\" alt=\"\" class=\"wp-image-804\" srcset=\"https:\/\/www.schuetzen-allerheiligen.at\/wp-content\/uploads\/2022\/09\/Jungschuetzenfahne.jpg 667w, https:\/\/www.schuetzen-allerheiligen.at\/wp-content\/uploads\/2022\/09\/Jungschuetzenfahne-261x300.jpg 261w\" sizes=\"auto, (max-width: 667px) 100vw, 667px\" \/><\/figure>\n\n\n\n<p>Die R\u00fcckseite zeigt die Pfarrkirche Allerheiligen und im Vordergrund die Besinnungsst\u00e4tte Peerhofsiedlung. Seit 2004 hat die Kompanie ein eigenes Logo mit integriertem Stadtteilwappen und seit 2007 eine komplett neu \u00fcberarbeitete Homepage&nbsp;<a href=\"http:\/\/www.schuetzen-allerheiligen.at\/\">www.schuetzen-allerheiligen.at<\/a>. Auch auf Facebook kann man die Allerheiliger Sch\u00fctzen finden.<\/p>\n\n\n\n<p>Neben Fahnenabordnungen im Stadtteil (Patrozinium in Allerheiligen, Kranebitter Kirchtag oder Kirchweih) und bei vielen offiziellen Anl\u00e4ssen der Stadt und des Landes, gibt es nat\u00fcrlich auch zahlreiche Ausr\u00fcckungen in Kompaniest\u00e4rke. Solche Veranstaltungen sind etwa die Fronleichnamsprozession, der Sch\u00fctzenjahrtag gleichzeitig mit dem Pfarrfamilienfest, das Bataillonsfest Innsbruck oder aber auch die Teilnahme an Sch\u00fctzenfesten im In- und Ausland.<\/p>\n\n\n\n<p>Zu den bereits erw\u00e4hnten gesellschaftlichen Veranstaltungen im und f\u00fcr den Stadtteil gibt es aber auch ein kompanieinternes Grillfest, Schlie\u00dfveranstaltungen wie das Kompaniesch\u00fctzenschnurschie\u00dfen oder das Gedenkschie\u00dfen f\u00fcr verstorbene Kameraden, die Jungsch\u00fctzenmesse auf der H\u00f6ttinger Alm oder die Friedhofsammlung durch die Jungsch\u00fctzen zu Allerheiligen auf dem Landesfriedhof in Mariahilf und vieles andere mehr.<\/p>\n\n\n\n<p>&nbsp;Bedanken m\u00f6chte sich die Sch\u00fctzenkompanie Allerheiligen bei allen Stadtteilbewohnern f\u00fcr die zahlreiche und treue Teilnahme an den Festen der Kompanie und besonders beim Flughafen Innsbruck f\u00fcr die schon Jahrzehnte w\u00e4hrende Unterst\u00fctzung.<\/p>\n\n\n\n<p>Das 30 j\u00e4hrige Bestandsjubil\u00e4um wird nat\u00fcrlich auch geb\u00fchrend gefeiert. Entgegen den bisherigen Gewohnheiten (immer gro\u00dfe Zeltfeste zu den runden Jubil\u00e4en) wird sich die Sch\u00fctzenkompanie Allerheiligen diesmal allerdings selbst feiern und es sich einmal selbst gut gehen lassen.<\/p>\n\n\n\n<p>Am exakten Jubil\u00e4umstag, Sonntag, den 16. Juni, wird die Kompanie am Firmungsgottesdienst in der Pfarrkirche Allerheiligen in Form einer Ausr\u00fcckung teilnehmen und eine Ehrensalve f\u00fcr die Firmlinge und das eigene Jubil\u00e4um abfeuern. Anschlie\u00dfend findet die interne Feier im Sch\u00fctzenheim statt.<\/p>\n\n\n\n<p>Dank geb\u00fchrt Pfarrer Bernhard Kranebitter, der das offizielle Feiern des Jubil\u00e4ums im Rahmen der Hl. Firmung erm\u00f6glichen wird.<\/p>\n\n\n\n<p>Die Sch\u00fctzenkompanie Allerheiligen freut sich auf viele gemeinsame Begegnungen in der Zukunft \u2013 Sch\u00fctzen Heil!<\/p>\n","protected":false},"excerpt":{"rendered":"<p>Die Sch\u00fctzenkompanie Allerheiligen wird genau am 16. Juni 2019 30 Jahre alt. Nat\u00fcrlich ein Grund zum Feiern und auch eine Gelegenheit auf die letzten 30 Jahre zur\u00fcck zu blicken. Die &hellip; <\/p>\n<p class=\"link-more\"><a href=\"https:\/\/www.schuetzen-allerheiligen.at\/?page_id=104\" class=\"more-link\"><span class=\"screen-reader-text\">\u201e30 Jahre Sch\u00fctzenkompanie\u201c<\/span> weiterlesen<\/a><\/p>\n","protected":false},"author":1,"featured_media":0,"parent":96,"menu_order":4,"comment_status":"closed","ping_status":"closed","template":"","meta":{"advanced_seo_description":"","jetpack_seo_html_title":"","jetpack_seo_noindex":false,"footnotes":""},"class_list":["post-104","page","type-page","status-publish","hentry"],"jetpack_sharing_enabled":true,"_links":{"self":[{"href":"https:\/\/www.schuetzen-allerheiligen.at\/index.php?rest_route=\/wp\/v2\/pages\/104","targetHints":{"allow":["GET"]}}],"collection":[{"href":"https:\/\/www.schuetzen-allerheiligen.at\/index.php?rest_route=\/wp\/v2\/pages"}],"about":[{"href":"https:\/\/www.schuetzen-allerheiligen.at\/index.php?rest_route=\/wp\/v2\/types\/page"}],"author":[{"embeddable":true,"href":"https:\/\/www.schuetzen-allerheiligen.at\/index.php?rest_route=\/wp\/v2\/users\/1"}],"replies":[{"embeddable":true,"href":"https:\/\/www.schuetzen-allerheiligen.at\/index.php?rest_route=%2Fwp%2Fv2%2Fcomments&post=104"}],"version-history":[{"count":0,"href":"https:\/\/www.schuetzen-allerheiligen.at\/index.php?rest_route=\/wp\/v2\/pages\/104\/revisions"}],"up":[{"embeddable":true,"href":"https:\/\/www.schuetzen-allerheiligen.at\/index.php?rest_route=\/wp\/v2\/pages\/96"}],"wp:attachment":[{"href":"https:\/\/www.schuetzen-allerheiligen.at\/index.php?rest_route=%2Fwp%2Fv2%2Fmedia&parent=104"}],"curies":[{"name":"wp","href":"https:\/\/api.w.org\/{rel}","templated":true}]}}